{"id":1872,"date":"2022-09-01T04:24:19","date_gmt":"2022-08-31T23:24:19","guid":{"rendered":"http:\/\/www.eminser.com.co\/web\/?page_id=1872"},"modified":"2025-10-02T23:27:53","modified_gmt":"2025-10-02T18:27:53","slug":"blog","status":"publish","type":"page","link":"https:\/\/www.eminser.com.co\/web\/blog\/","title":{"rendered":"Blog"},"content":{"rendered":"\t\t<div data-elementor-type=\"wp-page\" data-elementor-id=\"1872\" class=\"elementor elementor-1872\">\n\t\t\t\t\t\t<section class=\"elementor-section elementor-top-section elementor-element elementor-element-67ae91f elementor-section-boxed elementor-section-height-default elementor-section-height-default wpr-particle-no wpr-jarallax-no wpr-parallax-no wpr-sticky-section-no wpr-column-slider-no wpr-equal-height-no\" data-id=\"67ae91f\" data-element_type=\"section\" data-e-type=\"section\">\n\t\t\t\t\t\t<div class=\"elementor-container elementor-column-gap-default\">\n\t\t\t\t\t<div class=\"elementor-column elementor-col-100 elementor-top-column elementor-element elementor-element-b09d95b\" data-id=\"b09d95b\" data-element_type=\"column\" data-e-type=\"column\">\n\t\t\t<div class=\"elementor-widget-wrap elementor-element-populated\">\n\t\t\t\t\t\t<div class=\"elementor-element elementor-element-7b07d95 elementor-widget elementor-widget-heading\" data-id=\"7b07d95\" data-element_type=\"widget\" data-e-type=\"widget\" data-widget_type=\"heading.default\">\n\t\t\t\t<div class=\"elementor-widget-container\">\n\t\t\t\t\t<h1 class=\"elementor-heading-title elementor-size-default\">Noticias y Novedades<\/h1>\t\t\t\t<\/div>\n\t\t\t\t<\/div>\n\t\t\t\t\t<\/div>\n\t\t<\/div>\n\t\t\t\t\t<\/div>\n\t\t<\/section>\n\t\t\t\t<section class=\"elementor-section elementor-top-section elementor-element elementor-element-91dqx18 elementor-section-boxed elementor-section-height-default elementor-section-height-default wpr-particle-no wpr-jarallax-no wpr-parallax-no wpr-sticky-section-no wpr-column-slider-no wpr-equal-height-no\" data-id=\"91dqx18\" data-element_type=\"section\" data-e-type=\"section\" data-settings=\"{&quot;background_background&quot;:&quot;classic&quot;}\">\n\t\t\t\t\t\t\t<div class=\"elementor-background-overlay\"><\/div>\n\t\t\t\t\t\t\t<div class=\"elementor-container elementor-column-gap-no\">\n\t\t\t\t\t<div class=\"elementor-column elementor-col-100 elementor-top-column elementor-element elementor-element-99f89cb\" data-id=\"99f89cb\" data-element_type=\"column\" data-e-type=\"column\">\n\t\t\t<div class=\"elementor-widget-wrap\">\n\t\t\t\t\t\t\t<\/div>\n\t\t<\/div>\n\t\t\t\t\t<\/div>\n\t\t<\/section>\n\t\t\t\t<section class=\"elementor-section elementor-top-section elementor-element elementor-element-b7eaf6d1b3f7 elementor-section-boxed elementor-section-height-default elementor-section-height-default wpr-particle-no wpr-jarallax-no wpr-parallax-no wpr-sticky-section-no wpr-column-slider-no wpr-equal-height-no\" data-id=\"b7eaf6d1b3f7\" data-element_type=\"section\" data-e-type=\"section\">\n\t\t\t\t\t\t<div class=\"elementor-container elementor-column-gap-default\">\n\t\t\t\t\t<div class=\"elementor-column elementor-col-100 elementor-top-column elementor-element elementor-element-7c39345\" data-id=\"7c39345\" data-element_type=\"column\" data-e-type=\"column\">\n\t\t\t<div class=\"elementor-widget-wrap elementor-element-populated\">\n\t\t\t\t\t\t<div class=\"elementor-element elementor-element-32fd5fe elementor-widget elementor-widget-heading\" data-id=\"32fd5fe\" data-element_type=\"widget\" data-e-type=\"widget\" data-settings=\"{&quot;_animation_mobile&quot;:&quot;none&quot;}\" data-widget_type=\"heading.default\">\n\t\t\t\t<div class=\"elementor-widget-container\">\n\t\t\t\t\t<h3 class=\"elementor-heading-title elementor-size-default\">BLOG<\/h3>\t\t\t\t<\/div>\n\t\t\t\t<\/div>\n\t\t\t\t<div class=\"elementor-element elementor-element-86d98bd elementor-widget-divider--view-line elementor-widget elementor-widget-divider\" data-id=\"86d98bd\" data-element_type=\"widget\" data-e-type=\"widget\" data-widget_type=\"divider.default\">\n\t\t\t\t<div class=\"elementor-widget-container\">\n\t\t\t\t\t\t\t<div class=\"elementor-divider\">\n\t\t\t<span class=\"elementor-divider-separator\">\n\t\t\t\t\t\t<\/span>\n\t\t<\/div>\n\t\t\t\t\t\t<\/div>\n\t\t\t\t<\/div>\n\t\t\t\t<div class=\"elementor-element elementor-element-4e2325e elementor-widget elementor-widget-text-editor\" data-id=\"4e2325e\" data-element_type=\"widget\" data-e-type=\"widget\" data-settings=\"{&quot;_animation_tablet&quot;:&quot;none&quot;}\" data-widget_type=\"text-editor.default\">\n\t\t\t\t<div class=\"elementor-widget-container\">\n\t\t\t\t\t\t\t\t\t<p><span style=\"font-style: inherit; font-weight: inherit;\"><span dir=\"auto\" style=\"vertical-align: inherit;\"><span dir=\"auto\" style=\"vertical-align: inherit;\"><span dir=\"auto\" style=\"vertical-align: inherit;\"><span dir=\"auto\" style=\"vertical-align: inherit;\">Explora las \u00faltimas noticias y novedades de nuestra empresa. <\/span><\/span><\/span><\/span><\/span><span style=\"font-style: inherit; font-weight: inherit;\"><span dir=\"auto\" style=\"vertical-align: inherit;\"><span dir=\"auto\" style=\"vertical-align: inherit;\"><span dir=\"auto\" style=\"vertical-align: inherit;\"><span dir=\"auto\" style=\"vertical-align: inherit;\">Mantente informado sobre nuestros avances, eventos y logros. \u00a1Bienvenidos!<\/span><\/span><\/span><\/span><\/span><\/p>\t\t\t\t\t\t\t\t<\/div>\n\t\t\t\t<\/div>\n\t\t\t\t<div class=\"elementor-element elementor-element-dcc24a7 title-three-line title_hover_border_enable img_hover_animation_img_zoom_in tpg-wrapper-align-left meta-visibility-show title_position_default meta_position_default readmore-btn-default-style grid-hover-overlay-type-always tpg-el-box-border-enable tpg-border-bottom-disable elementor-widget elementor-widget-tpg-grid-layout\" data-id=\"dcc24a7\" data-element_type=\"widget\" data-e-type=\"widget\" data-widget_type=\"tpg-grid-layout.default\">\n\t\t\t\t<div class=\"elementor-widget-container\">\n\t\t\t\t\t\t\t<div class=\"rt-container-fluid rt-tpg-container tpg-el-main-wrapper clearfix grid-layout1-main \"\n\t\t\t id=\"rt-tpg-container-1341626310\"\n\t\t\t data-layout=\"grid-layout1\"\n\t\t\t data-grid-style=\"tpg-full-height\"\n\t\t\t data-sc-id=\"elementor\"\n\t\t\t data-el-settings=''\n\t\t\t data-el-query=''\n\t\t\t data-el-path=''\n\t\t>\n\t\t\t\t\t\t<div class='tpg-header-wrapper '>\n\t\t\t\t\t\t\t<\/div>\n\n\t\t\t<div data-title=\"Loading ...\" class=\"rt-row rt-content-loader grid-layout1 grid-behaviour tpg-full-height grid_layout_wrapper\">\n\t\t\t\t<div class=\"rt-col-md-4 rt-col-sm-6 rt-col-xs-12 img_zoom_in rt-grid-item post-7999 post type-post status-publish format-standard has-post-thumbnail hentry category-sst\"        data-id=\"7999\">\n    <div class=\"rt-holder tpg-post-holder \">\n        <div class=\"rt-detail rt-el-content-wrapper\">\n\t\t\t                <div class=\"rt-img-holder tpg-el-image-wrap has-thumbnail\">\n\t\t\t\t\t<a data-id=\"7999\" href=\"https:\/\/www.eminser.com.co\/web\/dia-mundial-de-la-seguridad-y-salud-en-el-trabajo\/\" class=\"tpg-post-link\" target=\"_self\">\t\t\t\t\t\t<img fetchpriority=\"high\" decoding=\"async\" src=\"https:\/\/www.eminser.com.co\/web\/wp-content\/uploads\/2026\/04\/SST-FINAL-01-1-scaled-e1777487892803-768x704.png\"\n\t\t\t\t\t\t\t class=\"rt-img-responsive\"\n\t\t\t\t\t\t\t width=\"768\"\n\t\t\t\t\t\t\t height=\"704\"\n\t\t\t\t\t\t\t alt=\"D\u00eda Mundial de la Seguridad y Salud en el Trabajo\">\n\t\t\t\t\t\t\n\t\t\t\t\t\t\t\n\t\t<\/a>\n\t\t\t\t<div class=\"overlay grid-hover-content\"><\/div>\n\t\t                <\/div>\n\t\t\t\n\t\t\t<div class=\"entry-title-wrapper\"><h3 class=\"entry-title\"><a data-id=\"7999\" href=\"https:\/\/www.eminser.com.co\/web\/dia-mundial-de-la-seguridad-y-salud-en-el-trabajo\/\" class=\"tpg-post-link\" target=\"_self\">D\u00eda Mundial de la Seguridad y Salud en el<\/a><\/h3><\/div>\n\t\t\t                <div class=\"post-meta-tags rt-el-post-meta\">\n\t\t\t\t\t\t\t\t<span class=\"date\">\n\t\t\t\t<i class=\"tpg-flaticon-calendar \"><\/i>\t\t\t\t\t\t\t\t\t<a href=\"https:\/\/www.eminser.com.co\/web\/2026\/04\/29\/\">\n\t\t\t\t\t29 abril, 2026\t\t\t\t<\/a>\n\t\t\t\t\t\t\t<\/span>\n\t\t\t                <\/div>\n\t\t\t\n\n\t\t\t                <div class=\"tpg-excerpt tpg-el-excerpt\">\n\t\t\t\t\t                        <div class=\"tpg-excerpt-inner\">\n\t\t\t\t\t\t\tEn EMINSER no solo hablamos de seguridad, la vivimos y es el resultado de lo que                         <\/div>\n\t\t\t\t\t\t\t\t\t\t                <\/div>\n\t\t\t\n\t\t\t\t\t<div class=\"post-footer\">\n\t\t\t<div class=\"post-footer\">\n\t\t\t\t<div class=\"read-more\">\n\t\t\t\t\t<a data-id=\"7999\" href=\"https:\/\/www.eminser.com.co\/web\/dia-mundial-de-la-seguridad-y-salud-en-el-trabajo\/\" class=\"tpg-post-link\" target=\"_self\">Leer M\u00e1s<\/a>\t\t\t\t<\/div>\n\t\t\t<\/div>\n\t\t<\/div>\n\t\t        <\/div>\n    <\/div>\n<\/div>\n<div class=\"rt-col-md-4 rt-col-sm-6 rt-col-xs-12 img_zoom_in rt-grid-item post-7966 post type-post status-publish format-standard has-post-thumbnail hentry category-sst\"        data-id=\"7966\">\n    <div class=\"rt-holder tpg-post-holder \">\n        <div class=\"rt-detail rt-el-content-wrapper\">\n\t\t\t                <div class=\"rt-img-holder tpg-el-image-wrap has-thumbnail\">\n\t\t\t\t\t<a data-id=\"7966\" href=\"https:\/\/www.eminser.com.co\/web\/desventajas-de-utilizar-una-greca-tradicional-2\/\" class=\"tpg-post-link\" target=\"_self\">\t\t\t\t\t\t<img decoding=\"async\" src=\"https:\/\/www.eminser.com.co\/web\/wp-content\/uploads\/2026\/04\/4.-Greca_V2-01-1-scaled-e1776451426698-768x758.jpg\"\n\t\t\t\t\t\t\t class=\"rt-img-responsive\"\n\t\t\t\t\t\t\t width=\"768\"\n\t\t\t\t\t\t\t height=\"758\"\n\t\t\t\t\t\t\t alt=\"Desventajas de utilizar una greca tradicional\">\n\t\t\t\t\t\t\n\t\t\t\t\t\t\t\n\t\t<\/a>\n\t\t\t\t<div class=\"overlay grid-hover-content\"><\/div>\n\t\t                <\/div>\n\t\t\t\n\t\t\t<div class=\"entry-title-wrapper\"><h3 class=\"entry-title\"><a data-id=\"7966\" href=\"https:\/\/www.eminser.com.co\/web\/desventajas-de-utilizar-una-greca-tradicional-2\/\" class=\"tpg-post-link\" target=\"_self\">Desventajas de utilizar una greca tradicional<\/a><\/h3><\/div>\n\t\t\t                <div class=\"post-meta-tags rt-el-post-meta\">\n\t\t\t\t\t\t\t\t<span class=\"date\">\n\t\t\t\t<i class=\"tpg-flaticon-calendar \"><\/i>\t\t\t\t\t\t\t\t\t<a href=\"https:\/\/www.eminser.com.co\/web\/2026\/04\/17\/\">\n\t\t\t\t\t17 abril, 2026\t\t\t\t<\/a>\n\t\t\t\t\t\t\t<\/span>\n\t\t\t                <\/div>\n\t\t\t\n\n\t\t\t                <div class=\"tpg-excerpt tpg-el-excerpt\">\n\t\t\t\t\t                        <div class=\"tpg-excerpt-inner\">\n\t\t\t\t\t\t\tDesventajas de utilizar una greca tradicional Utilizar una greca tradicional                         <\/div>\n\t\t\t\t\t\t\t\t\t\t                <\/div>\n\t\t\t\n\t\t\t\t\t<div class=\"post-footer\">\n\t\t\t<div class=\"post-footer\">\n\t\t\t\t<div class=\"read-more\">\n\t\t\t\t\t<a data-id=\"7966\" href=\"https:\/\/www.eminser.com.co\/web\/desventajas-de-utilizar-una-greca-tradicional-2\/\" class=\"tpg-post-link\" target=\"_self\">Leer M\u00e1s<\/a>\t\t\t\t<\/div>\n\t\t\t<\/div>\n\t\t<\/div>\n\t\t        <\/div>\n    <\/div>\n<\/div>\n<div class=\"rt-col-md-4 rt-col-sm-6 rt-col-xs-12 img_zoom_in rt-grid-item post-7839 post type-post status-publish format-standard has-post-thumbnail hentry category-sst\"        data-id=\"7839\">\n    <div class=\"rt-holder tpg-post-holder \">\n        <div class=\"rt-detail rt-el-content-wrapper\">\n\t\t\t                <div class=\"rt-img-holder tpg-el-image-wrap has-thumbnail\">\n\t\t\t\t\t<a data-id=\"7839\" href=\"https:\/\/www.eminser.com.co\/web\/ventajas-de-contratar-servicios-profesionales-de-aseo-para-oficinas-y-edificios\/\" class=\"tpg-post-link\" target=\"_self\">\t\t\t\t\t\t<img decoding=\"async\" src=\"https:\/\/www.eminser.com.co\/web\/wp-content\/uploads\/2026\/03\/DSC_0289-768x512.jpg\"\n\t\t\t\t\t\t\t class=\"rt-img-responsive\"\n\t\t\t\t\t\t\t width=\"768\"\n\t\t\t\t\t\t\t height=\"512\"\n\t\t\t\t\t\t\t alt=\"Ventajas de contratar servicio profesional de Aseo\">\n\t\t\t\t\t\t\n\t\t\t\t\t\t\t\n\t\t<\/a>\n\t\t\t\t<div class=\"overlay grid-hover-content\"><\/div>\n\t\t                <\/div>\n\t\t\t\n\t\t\t<div class=\"entry-title-wrapper\"><h3 class=\"entry-title\"><a data-id=\"7839\" href=\"https:\/\/www.eminser.com.co\/web\/ventajas-de-contratar-servicios-profesionales-de-aseo-para-oficinas-y-edificios\/\" class=\"tpg-post-link\" target=\"_self\">Ventajas de contratar servicio profesional de Aseo<\/a><\/h3><\/div>\n\t\t\t                <div class=\"post-meta-tags rt-el-post-meta\">\n\t\t\t\t\t\t\t\t<span class=\"date\">\n\t\t\t\t<i class=\"tpg-flaticon-calendar \"><\/i>\t\t\t\t\t\t\t\t\t<a href=\"https:\/\/www.eminser.com.co\/web\/2026\/03\/25\/\">\n\t\t\t\t\t25 marzo, 2026\t\t\t\t<\/a>\n\t\t\t\t\t\t\t<\/span>\n\t\t\t                <\/div>\n\t\t\t\n\n\t\t\t                <div class=\"tpg-excerpt tpg-el-excerpt\">\n\t\t\t\t\t                        <div class=\"tpg-excerpt-inner\">\n\t\t\t\t\t\t\tContratar servicios profesionales de aseo en conjuntos residenciales y oficinas                         <\/div>\n\t\t\t\t\t\t\t\t\t\t                <\/div>\n\t\t\t\n\t\t\t\t\t<div class=\"post-footer\">\n\t\t\t<div class=\"post-footer\">\n\t\t\t\t<div class=\"read-more\">\n\t\t\t\t\t<a data-id=\"7839\" href=\"https:\/\/www.eminser.com.co\/web\/ventajas-de-contratar-servicios-profesionales-de-aseo-para-oficinas-y-edificios\/\" class=\"tpg-post-link\" target=\"_self\">Leer M\u00e1s<\/a>\t\t\t\t<\/div>\n\t\t\t<\/div>\n\t\t<\/div>\n\t\t        <\/div>\n    <\/div>\n<\/div>\n<div class=\"rt-col-md-4 rt-col-sm-6 rt-col-xs-12 img_zoom_in rt-grid-item post-7822 post type-post status-publish format-standard has-post-thumbnail hentry category-sst\"        data-id=\"7822\">\n    <div class=\"rt-holder tpg-post-holder \">\n        <div class=\"rt-detail rt-el-content-wrapper\">\n\t\t\t                <div class=\"rt-img-holder tpg-el-image-wrap has-thumbnail\">\n\t\t\t\t\t<a data-id=\"7822\" href=\"https:\/\/www.eminser.com.co\/web\/cristalizado-en-espacios-de-alta-concurrencia\/\" class=\"tpg-post-link\" target=\"_self\">\t\t\t\t\t\t<img loading=\"lazy\" decoding=\"async\" src=\"https:\/\/www.eminser.com.co\/web\/wp-content\/uploads\/2026\/03\/3.-CristalizadoPisos_V2_Artboard-copy-2-scaled-e1773950692617-768x701.jpg\"\n\t\t\t\t\t\t\t class=\"rt-img-responsive\"\n\t\t\t\t\t\t\t width=\"768\"\n\t\t\t\t\t\t\t height=\"701\"\n\t\t\t\t\t\t\t alt=\"Tips para realizar un cristalizado \u00f3ptimo en espacios de alta concurrencia\">\n\t\t\t\t\t\t\n\t\t\t\t\t\t\t\n\t\t<\/a>\n\t\t\t\t<div class=\"overlay grid-hover-content\"><\/div>\n\t\t                <\/div>\n\t\t\t\n\t\t\t<div class=\"entry-title-wrapper\"><h3 class=\"entry-title\"><a data-id=\"7822\" href=\"https:\/\/www.eminser.com.co\/web\/cristalizado-en-espacios-de-alta-concurrencia\/\" class=\"tpg-post-link\" target=\"_self\">Tips para realizar un cristalizado \u00f3ptimo en espacios de<\/a><\/h3><\/div>\n\t\t\t                <div class=\"post-meta-tags rt-el-post-meta\">\n\t\t\t\t\t\t\t\t<span class=\"date\">\n\t\t\t\t<i class=\"tpg-flaticon-calendar \"><\/i>\t\t\t\t\t\t\t\t\t<a href=\"https:\/\/www.eminser.com.co\/web\/2026\/03\/20\/\">\n\t\t\t\t\t20 marzo, 2026\t\t\t\t<\/a>\n\t\t\t\t\t\t\t<\/span>\n\t\t\t                <\/div>\n\t\t\t\n\n\t\t\t                <div class=\"tpg-excerpt tpg-el-excerpt\">\n\t\t\t\t\t                        <div class=\"tpg-excerpt-inner\">\n\t\t\t\t\t\t\tEn EMINSER, realizamos un cristalizado \u00f3ptimo en espacios de alta concurrencia,                         <\/div>\n\t\t\t\t\t\t\t\t\t\t                <\/div>\n\t\t\t\n\t\t\t\t\t<div class=\"post-footer\">\n\t\t\t<div class=\"post-footer\">\n\t\t\t\t<div class=\"read-more\">\n\t\t\t\t\t<a data-id=\"7822\" href=\"https:\/\/www.eminser.com.co\/web\/cristalizado-en-espacios-de-alta-concurrencia\/\" class=\"tpg-post-link\" target=\"_self\">Leer M\u00e1s<\/a>\t\t\t\t<\/div>\n\t\t\t<\/div>\n\t\t<\/div>\n\t\t        <\/div>\n    <\/div>\n<\/div>\n<div class=\"rt-col-md-4 rt-col-sm-6 rt-col-xs-12 img_zoom_in rt-grid-item post-7781 post type-post status-publish format-standard has-post-thumbnail hentry category-sst\"        data-id=\"7781\">\n    <div class=\"rt-holder tpg-post-holder \">\n        <div class=\"rt-detail rt-el-content-wrapper\">\n\t\t\t                <div class=\"rt-img-holder tpg-el-image-wrap has-thumbnail\">\n\t\t\t\t\t<a data-id=\"7781\" href=\"https:\/\/www.eminser.com.co\/web\/homenaje-a-tres-colaboradores-excepcionales\/\" class=\"tpg-post-link\" target=\"_self\">\t\t\t\t\t\t<img loading=\"lazy\" decoding=\"async\" src=\"https:\/\/www.eminser.com.co\/web\/wp-content\/uploads\/2026\/01\/Diseno-sin-titulo-6-768x432.png\"\n\t\t\t\t\t\t\t class=\"rt-img-responsive\"\n\t\t\t\t\t\t\t width=\"768\"\n\t\t\t\t\t\t\t height=\"432\"\n\t\t\t\t\t\t\t alt=\"Homenaje a tres colaboradores excepcionales\">\n\t\t\t\t\t\t\n\t\t\t\t\t\t\t\n\t\t<\/a>\n\t\t\t\t<div class=\"overlay grid-hover-content\"><\/div>\n\t\t                <\/div>\n\t\t\t\n\t\t\t<div class=\"entry-title-wrapper\"><h3 class=\"entry-title\"><a data-id=\"7781\" href=\"https:\/\/www.eminser.com.co\/web\/homenaje-a-tres-colaboradores-excepcionales\/\" class=\"tpg-post-link\" target=\"_self\">Homenaje a tres colaboradores excepcionales<\/a><\/h3><\/div>\n\t\t\t                <div class=\"post-meta-tags rt-el-post-meta\">\n\t\t\t\t\t\t\t\t<span class=\"date\">\n\t\t\t\t<i class=\"tpg-flaticon-calendar \"><\/i>\t\t\t\t\t\t\t\t\t<a href=\"https:\/\/www.eminser.com.co\/web\/2026\/01\/08\/\">\n\t\t\t\t\t8 enero, 2026\t\t\t\t<\/a>\n\t\t\t\t\t\t\t<\/span>\n\t\t\t                <\/div>\n\t\t\t\n\n\t\t\t                <div class=\"tpg-excerpt tpg-el-excerpt\">\n\t\t\t\t\t                        <div class=\"tpg-excerpt-inner\">\n\t\t\t\t\t\t\tEn EMINSER, creemos firmemente que los grandes logros no son fruto de la                         <\/div>\n\t\t\t\t\t\t\t\t\t\t                <\/div>\n\t\t\t\n\t\t\t\t\t<div class=\"post-footer\">\n\t\t\t<div class=\"post-footer\">\n\t\t\t\t<div class=\"read-more\">\n\t\t\t\t\t<a data-id=\"7781\" href=\"https:\/\/www.eminser.com.co\/web\/homenaje-a-tres-colaboradores-excepcionales\/\" class=\"tpg-post-link\" target=\"_self\">Leer M\u00e1s<\/a>\t\t\t\t<\/div>\n\t\t\t<\/div>\n\t\t<\/div>\n\t\t        <\/div>\n    <\/div>\n<\/div>\n<div class=\"rt-col-md-4 rt-col-sm-6 rt-col-xs-12 img_zoom_in rt-grid-item post-7623 post type-post status-publish format-standard has-post-thumbnail hentry category-sst\"        data-id=\"7623\">\n    <div class=\"rt-holder tpg-post-holder \">\n        <div class=\"rt-detail rt-el-content-wrapper\">\n\t\t\t                <div class=\"rt-img-holder tpg-el-image-wrap has-thumbnail\">\n\t\t\t\t\t<a data-id=\"7623\" href=\"https:\/\/www.eminser.com.co\/web\/dia-internacional-del-agradecimiento-al-personal-de-limpieza\/\" class=\"tpg-post-link\" target=\"_self\">\t\t\t\t\t\t<img loading=\"lazy\" decoding=\"async\" src=\"https:\/\/www.eminser.com.co\/web\/wp-content\/uploads\/2025\/10\/Diseno-sin-titulo-5-768x432.png\"\n\t\t\t\t\t\t\t class=\"rt-img-responsive\"\n\t\t\t\t\t\t\t width=\"768\"\n\t\t\t\t\t\t\t height=\"432\"\n\t\t\t\t\t\t\t alt=\"D\u00eda Internacional del Agradecimiento al Personal de Limpieza\">\n\t\t\t\t\t\t\n\t\t\t\t\t\t\t\n\t\t<\/a>\n\t\t\t\t<div class=\"overlay grid-hover-content\"><\/div>\n\t\t                <\/div>\n\t\t\t\n\t\t\t<div class=\"entry-title-wrapper\"><h3 class=\"entry-title\"><a data-id=\"7623\" href=\"https:\/\/www.eminser.com.co\/web\/dia-internacional-del-agradecimiento-al-personal-de-limpieza\/\" class=\"tpg-post-link\" target=\"_self\">D\u00eda Internacional del Agradecimiento al Personal de Limpieza<\/a><\/h3><\/div>\n\t\t\t                <div class=\"post-meta-tags rt-el-post-meta\">\n\t\t\t\t\t\t\t\t<span class=\"date\">\n\t\t\t\t<i class=\"tpg-flaticon-calendar \"><\/i>\t\t\t\t\t\t\t\t\t<a href=\"https:\/\/www.eminser.com.co\/web\/2025\/10\/22\/\">\n\t\t\t\t\t22 octubre, 2025\t\t\t\t<\/a>\n\t\t\t\t\t\t\t<\/span>\n\t\t\t                <\/div>\n\t\t\t\n\n\t\t\t                <div class=\"tpg-excerpt tpg-el-excerpt\">\n\t\t\t\t\t                        <div class=\"tpg-excerpt-inner\">\n\t\t\t\t\t\t\tHoy m\u00e1s que nunca, queremos agradecer a nuestro personal, porque su trabajo                         <\/div>\n\t\t\t\t\t\t\t\t\t\t                <\/div>\n\t\t\t\n\t\t\t\t\t<div class=\"post-footer\">\n\t\t\t<div class=\"post-footer\">\n\t\t\t\t<div class=\"read-more\">\n\t\t\t\t\t<a data-id=\"7623\" href=\"https:\/\/www.eminser.com.co\/web\/dia-internacional-del-agradecimiento-al-personal-de-limpieza\/\" class=\"tpg-post-link\" target=\"_self\">Leer M\u00e1s<\/a>\t\t\t\t<\/div>\n\t\t\t<\/div>\n\t\t<\/div>\n\t\t        <\/div>\n    <\/div>\n<\/div>\n<div class=\"rt-col-md-4 rt-col-sm-6 rt-col-xs-12 img_zoom_in rt-grid-item post-7441 post type-post status-publish format-standard has-post-thumbnail hentry category-sst\"        data-id=\"7441\">\n    <div class=\"rt-holder tpg-post-holder \">\n        <div class=\"rt-detail rt-el-content-wrapper\">\n\t\t\t                <div class=\"rt-img-holder tpg-el-image-wrap has-thumbnail\">\n\t\t\t\t\t<a data-id=\"7441\" href=\"https:\/\/www.eminser.com.co\/web\/grado-lideres-seguridad\/\" class=\"tpg-post-link\" target=\"_self\">\t\t\t\t\t\t<img loading=\"lazy\" decoding=\"async\" src=\"https:\/\/www.eminser.com.co\/web\/wp-content\/uploads\/2025\/10\/IMG_20250718_170328-768x578.jpg\"\n\t\t\t\t\t\t\t class=\"rt-img-responsive\"\n\t\t\t\t\t\t\t width=\"768\"\n\t\t\t\t\t\t\t height=\"578\"\n\t\t\t\t\t\t\t alt=\"Graduaci\u00f3n de L\u00edderes Gestores de SST\">\n\t\t\t\t\t\t\n\t\t\t\t\t\t\t\n\t\t<\/a>\n\t\t\t\t<div class=\"overlay grid-hover-content\"><\/div>\n\t\t                <\/div>\n\t\t\t\n\t\t\t<div class=\"entry-title-wrapper\"><h3 class=\"entry-title\"><a data-id=\"7441\" href=\"https:\/\/www.eminser.com.co\/web\/grado-lideres-seguridad\/\" class=\"tpg-post-link\" target=\"_self\">Graduaci\u00f3n de L\u00edderes Gestores de SST<\/a><\/h3><\/div>\n\t\t\t                <div class=\"post-meta-tags rt-el-post-meta\">\n\t\t\t\t\t\t\t\t<span class=\"date\">\n\t\t\t\t<i class=\"tpg-flaticon-calendar \"><\/i>\t\t\t\t\t\t\t\t\t<a href=\"https:\/\/www.eminser.com.co\/web\/2025\/10\/03\/\">\n\t\t\t\t\t3 octubre, 2025\t\t\t\t<\/a>\n\t\t\t\t\t\t\t<\/span>\n\t\t\t                <\/div>\n\t\t\t\n\n\t\t\t                <div class=\"tpg-excerpt tpg-el-excerpt\">\n\t\t\t\t\t                        <div class=\"tpg-excerpt-inner\">\n\t\t\t\t\t\t\tEs un honor para Eminser S.A.S. anunciar que, durante el presente a\u00f1o 2025, se                         <\/div>\n\t\t\t\t\t\t\t\t\t\t                <\/div>\n\t\t\t\n\t\t\t\t\t<div class=\"post-footer\">\n\t\t\t<div class=\"post-footer\">\n\t\t\t\t<div class=\"read-more\">\n\t\t\t\t\t<a data-id=\"7441\" href=\"https:\/\/www.eminser.com.co\/web\/grado-lideres-seguridad\/\" class=\"tpg-post-link\" target=\"_self\">Leer M\u00e1s<\/a>\t\t\t\t<\/div>\n\t\t\t<\/div>\n\t\t<\/div>\n\t\t        <\/div>\n    <\/div>\n<\/div>\n<div class=\"rt-col-md-4 rt-col-sm-6 rt-col-xs-12 img_zoom_in rt-grid-item post-7202 post type-post status-publish format-standard has-post-thumbnail hentry category-sst\"        data-id=\"7202\">\n    <div class=\"rt-holder tpg-post-holder \">\n        <div class=\"rt-detail rt-el-content-wrapper\">\n\t\t\t                <div class=\"rt-img-holder tpg-el-image-wrap has-thumbnail\">\n\t\t\t\t\t<a data-id=\"7202\" href=\"https:\/\/www.eminser.com.co\/web\/aseo-limpieza-edificios-oficinas-eminser\/\" class=\"tpg-post-link\" target=\"_self\">\t\t\t\t\t\t<img loading=\"lazy\" decoding=\"async\" src=\"https:\/\/www.eminser.com.co\/web\/wp-content\/uploads\/2024\/04\/Aseo-2-19-768x768.png\"\n\t\t\t\t\t\t\t class=\"rt-img-responsive\"\n\t\t\t\t\t\t\t width=\"768\"\n\t\t\t\t\t\t\t height=\"768\"\n\t\t\t\t\t\t\t alt=\"Aseo, Limpieza de Edificios y Oficinas Eminser: Eficiencia Laboral\">\n\t\t\t\t\t\t\n\t\t\t\t\t\t\t\n\t\t<\/a>\n\t\t\t\t<div class=\"overlay grid-hover-content\"><\/div>\n\t\t                <\/div>\n\t\t\t\n\t\t\t<div class=\"entry-title-wrapper\"><h3 class=\"entry-title\"><a data-id=\"7202\" href=\"https:\/\/www.eminser.com.co\/web\/aseo-limpieza-edificios-oficinas-eminser\/\" class=\"tpg-post-link\" target=\"_self\">Aseo, Limpieza de Edificios y Oficinas Eminser: Eficiencia Laboral<\/a><\/h3><\/div>\n\t\t\t                <div class=\"post-meta-tags rt-el-post-meta\">\n\t\t\t\t\t\t\t\t<span class=\"date\">\n\t\t\t\t<i class=\"tpg-flaticon-calendar \"><\/i>\t\t\t\t\t\t\t\t\t<a href=\"https:\/\/www.eminser.com.co\/web\/2024\/04\/20\/\">\n\t\t\t\t\t20 abril, 2024\t\t\t\t<\/a>\n\t\t\t\t\t\t\t<\/span>\n\t\t\t                <\/div>\n\t\t\t\n\n\t\t\t                <div class=\"tpg-excerpt tpg-el-excerpt\">\n\t\t\t\t\t                        <div class=\"tpg-excerpt-inner\">\n\t\t\t\t\t\t\t\u00a1Bienvenido al mundo de la excelencia empresarial, donde cada detalle cuenta! En                         <\/div>\n\t\t\t\t\t\t\t\t\t\t                <\/div>\n\t\t\t\n\t\t\t\t\t<div class=\"post-footer\">\n\t\t\t<div class=\"post-footer\">\n\t\t\t\t<div class=\"read-more\">\n\t\t\t\t\t<a data-id=\"7202\" href=\"https:\/\/www.eminser.com.co\/web\/aseo-limpieza-edificios-oficinas-eminser\/\" class=\"tpg-post-link\" target=\"_self\">Leer M\u00e1s<\/a>\t\t\t\t<\/div>\n\t\t\t<\/div>\n\t\t<\/div>\n\t\t        <\/div>\n    <\/div>\n<\/div>\n<div class=\"rt-col-md-4 rt-col-sm-6 rt-col-xs-12 img_zoom_in rt-grid-item post-7002 post type-post status-publish format-standard has-post-thumbnail hentry category-servicios-integrales\"        data-id=\"7002\">\n    <div class=\"rt-holder tpg-post-holder \">\n        <div class=\"rt-detail rt-el-content-wrapper\">\n\t\t\t                <div class=\"rt-img-holder tpg-el-image-wrap has-thumbnail\">\n\t\t\t\t\t<a data-id=\"7002\" href=\"https:\/\/www.eminser.com.co\/web\/aseo-en-oficinas-desinfeccion-total-bogota\/\" class=\"tpg-post-link\" target=\"_self\">\t\t\t\t\t\t<img loading=\"lazy\" decoding=\"async\" src=\"https:\/\/www.eminser.com.co\/web\/wp-content\/uploads\/2024\/01\/Nota-aseo-13-1.png\"\n\t\t\t\t\t\t\t class=\"rt-img-responsive\"\n\t\t\t\t\t\t\t width=\"768\"\n\t\t\t\t\t\t\t height=\"768\"\n\t\t\t\t\t\t\t alt=\"Limpieza en Oficinas: Profundidad y Desinfecci\u00f3n Total\">\n\t\t\t\t\t\t\n\t\t\t\t\t\t\t\n\t\t<\/a>\n\t\t\t\t<div class=\"overlay grid-hover-content\"><\/div>\n\t\t                <\/div>\n\t\t\t\n\t\t\t<div class=\"entry-title-wrapper\"><h3 class=\"entry-title\"><a data-id=\"7002\" href=\"https:\/\/www.eminser.com.co\/web\/aseo-en-oficinas-desinfeccion-total-bogota\/\" class=\"tpg-post-link\" target=\"_self\">Limpieza en Oficinas: Profundidad y Desinfecci\u00f3n Total<\/a><\/h3><\/div>\n\t\t\t                <div class=\"post-meta-tags rt-el-post-meta\">\n\t\t\t\t\t\t\t\t<span class=\"date\">\n\t\t\t\t<i class=\"tpg-flaticon-calendar \"><\/i>\t\t\t\t\t\t\t\t\t<a href=\"https:\/\/www.eminser.com.co\/web\/2024\/01\/12\/\">\n\t\t\t\t\t12 enero, 2024\t\t\t\t<\/a>\n\t\t\t\t\t\t\t<\/span>\n\t\t\t                <\/div>\n\t\t\t\n\n\t\t\t                <div class=\"tpg-excerpt tpg-el-excerpt\">\n\t\t\t\t\t                        <div class=\"tpg-excerpt-inner\">\n\t\t\t\t\t\t\tEminser: M\u00e1s de 26 A\u00f1os Comprometidos con la Excelencia en Aseo y Mantenimiento.                         <\/div>\n\t\t\t\t\t\t\t\t\t\t                <\/div>\n\t\t\t\n\t\t\t\t\t<div class=\"post-footer\">\n\t\t\t<div class=\"post-footer\">\n\t\t\t\t<div class=\"read-more\">\n\t\t\t\t\t<a data-id=\"7002\" href=\"https:\/\/www.eminser.com.co\/web\/aseo-en-oficinas-desinfeccion-total-bogota\/\" class=\"tpg-post-link\" target=\"_self\">Leer M\u00e1s<\/a>\t\t\t\t<\/div>\n\t\t\t<\/div>\n\t\t<\/div>\n\t\t        <\/div>\n    <\/div>\n<\/div>\n<div class=\"rt-col-md-4 rt-col-sm-6 rt-col-xs-12 img_zoom_in rt-grid-item post-6991 post type-post status-publish format-standard has-post-thumbnail hentry category-eventos category-sst\"        data-id=\"6991\">\n    <div class=\"rt-holder tpg-post-holder \">\n        <div class=\"rt-detail rt-el-content-wrapper\">\n\t\t\t                <div class=\"rt-img-holder tpg-el-image-wrap has-thumbnail\">\n\t\t\t\t\t<a data-id=\"6991\" href=\"https:\/\/www.eminser.com.co\/web\/homenaje-colaboradoras-eminser\/\" class=\"tpg-post-link\" target=\"_self\">\t\t\t\t\t\t<img loading=\"lazy\" decoding=\"async\" src=\"https:\/\/www.eminser.com.co\/web\/wp-content\/uploads\/2023\/12\/Homenaje-Eminser-13-768x768.png\"\n\t\t\t\t\t\t\t class=\"rt-img-responsive\"\n\t\t\t\t\t\t\t width=\"768\"\n\t\t\t\t\t\t\t height=\"768\"\n\t\t\t\t\t\t\t alt=\"Emotivo Homenaje a Dos Colaboradoras Ejemplares\">\n\t\t\t\t\t\t\n\t\t\t\t\t\t\t\n\t\t<\/a>\n\t\t\t\t<div class=\"overlay grid-hover-content\"><\/div>\n\t\t                <\/div>\n\t\t\t\n\t\t\t<div class=\"entry-title-wrapper\"><h3 class=\"entry-title\"><a data-id=\"6991\" href=\"https:\/\/www.eminser.com.co\/web\/homenaje-colaboradoras-eminser\/\" class=\"tpg-post-link\" target=\"_self\">Emotivo Homenaje a Dos Colaboradoras Ejemplares<\/a><\/h3><\/div>\n\t\t\t                <div class=\"post-meta-tags rt-el-post-meta\">\n\t\t\t\t\t\t\t\t<span class=\"date\">\n\t\t\t\t<i class=\"tpg-flaticon-calendar \"><\/i>\t\t\t\t\t\t\t\t\t<a href=\"https:\/\/www.eminser.com.co\/web\/2023\/12\/04\/\">\n\t\t\t\t\t4 diciembre, 2023\t\t\t\t<\/a>\n\t\t\t\t\t\t\t<\/span>\n\t\t\t                <\/div>\n\t\t\t\n\n\t\t\t                <div class=\"tpg-excerpt tpg-el-excerpt\">\n\t\t\t\t\t                        <div class=\"tpg-excerpt-inner\">\n\t\t\t\t\t\t\tEl 1 de diciembre, el auditorio del colegio Camilo Torres fue el escenario de un                         <\/div>\n\t\t\t\t\t\t\t\t\t\t                <\/div>\n\t\t\t\n\t\t\t\t\t<div class=\"post-footer\">\n\t\t\t<div class=\"post-footer\">\n\t\t\t\t<div class=\"read-more\">\n\t\t\t\t\t<a data-id=\"6991\" href=\"https:\/\/www.eminser.com.co\/web\/homenaje-colaboradoras-eminser\/\" class=\"tpg-post-link\" target=\"_self\">Leer M\u00e1s<\/a>\t\t\t\t<\/div>\n\t\t\t<\/div>\n\t\t<\/div>\n\t\t        <\/div>\n    <\/div>\n<\/div>\n\t\t\t<\/div>\n\t\t\t<div class=\"rt-pagination-wrap\" data-total-pages=\"3\" data-posts-per-page=\"10\" data-type=\"pagination\"><div class=\"rt-pagination\"><ul class=\"pagination-list\"><li class=\"active\"><span>1<\/span><\/li><li><a data-paged=\"2\" href=\"https:\/\/www.eminser.com.co\/web\/wp-json\/wp\/v2\/pages\/1872\/page\/2\/\">2<\/a><\/li><li><a data-paged=\"3\" href=\"https:\/\/www.eminser.com.co\/web\/wp-json\/wp\/v2\/pages\/1872\/page\/3\/\">3<\/a><\/li><\/ul><\/div><\/div>\n\t\t<\/div>\n\t\t\t\t\t\t<\/div>\n\t\t\t\t<\/div>\n\t\t\t\t\t<\/div>\n\t\t<\/div>\n\t\t\t\t\t<\/div>\n\t\t<\/section>\n\t\t\t\t<\/div>\n\t\t","protected":false},"excerpt":{"rendered":"<p>Noticias y Novedades BLOG Explora las \u00faltimas noticias y novedades de nuestra empresa. Mantente informado sobre nuestros avances, eventos y logros. \u00a1Bienvenidos! Aseo, Limpieza de Edificios y Oficinas Eminser: Eficiencia Laboral 20 abril, 2024 \u00a1Bienvenido al mundo de la excelencia empresarial, donde cada detalle cuenta! En Leer M\u00e1s Limpieza en Oficinas: Profundidad y Desinfecci\u00f3n Total 12 enero, 2024 Eminser: M\u00e1s de 26 A\u00f1os Comprometidos con la Excelencia en Aseo y Mantenimiento. Leer M\u00e1s Emotivo Homenaje a Dos Colaboradoras Ejemplares 4 diciembre, 2023 El 1 de diciembre, el auditorio del colegio Camilo Torres fue el escenario de un Leer M\u00e1s Eminser SAS: Elevando el Est\u00e1ndar en Aseo Empresarial 7 noviembre, 2023 Eminser SAS: Excelencia en Limpieza y Desinfecci\u00f3n para su Espacio de Trabajo En Leer M\u00e1s \u00c9xito y Conexiones: Eminser en el Networking de CONTAR 30 octubre, 2023 El pasado 23 de octubre, EMINSER S.A.S particip\u00f3 en el evento de networking Leer M\u00e1s Horario de Atenci\u00f3n Oficinas Eminser 8 agosto, 2023 Comunicado Importante: Cambio de Horario en las Oficinas de Eminser en Bogot\u00e1 Leer M\u00e1s Voces Silenciosas, Historias Poderosas 15 julio, 2023 Voces Silenciosas, Historias Poderosas \u00a1Descubre las incre\u00edbles historias de Leer M\u00e1s Homenaje a Madres Cabeza de Familia 1 julio, 2023 Eminser: Empoderando a Madres Cabeza de Familia Este mes, en Eminser, hemos Leer M\u00e1s Eminser: Una oportunidad laboral para mujeres cabeza de familia 15 mayo, 2023 En Eminser, creemos firmemente en el potencial ilimitado de todas las personas y Leer M\u00e1s Mensaje Gerencial 2023 24 enero, 2023 Leer M\u00e1s \u00bfQu\u00e9 le pides al nuevo a\u00f1o? 31 diciembre, 2022 Gracias por estar con nosotros a lo largo de este A\u00f1o que termina y esperamos Leer M\u00e1s Video Navide\u00f1o EMINSER 24 diciembre, 2022 Para nuestros colaboradores que son el coraz\u00f3n de esta empresa, EMINSER les Leer M\u00e1s Seguridad y Salud en el Trabajo 22 noviembre, 2022 Colombia produce aproximadamente 12 millones de toneladas de basura al a\u00f1o las Leer M\u00e1s Prestaci\u00f3n del Servicio 22 noviembre, 2022 En el m\u00e1s reciente estudio de la Universidad de Arizona, en el que se midieron Leer M\u00e1s Aniversario 25 a\u00f1os 22 noviembre, 2022 EMINSER S.A.S, empresa que se cre\u00f3 en 1997, inicialmente con 1 operaria de Leer M\u00e1s<\/p>\n","protected":false},"author":1,"featured_media":0,"parent":0,"menu_order":0,"comment_status":"closed","ping_status":"closed","template":"elementor_header_footer","meta":{"site-sidebar-layout":"default","site-content-layout":"default","ast-site-content-layout":"default","site-content-style":"default","site-sidebar-style":"default","ast-global-header-display":"","ast-banner-title-visibility":"","ast-main-header-display":"","ast-hfb-above-header-display":"","ast-hfb-below-header-display":"","ast-hfb-mobile-header-display":"","site-post-title":"disabled","ast-breadcrumbs-content":"","ast-featured-img":"","footer-sml-layout":"","ast-disable-related-posts":"","theme-transparent-header-meta":"default","adv-header-id-meta":"","stick-header-meta":"","header-above-stick-meta":"","header-main-stick-meta":"","header-below-stick-meta":"","astra-migrate-meta-layouts":"default","ast-page-background-enabled":"default","ast-page-background-meta":{"desktop":{"background-color":"var(--ast-global-color-4)","background-image":"","background-repeat":"repeat","background-position":"center center","background-size":"auto","background-attachment":"scroll","background-type":"","background-media":"","overlay-type":"","overlay-color":"","overlay-opacity":"","overlay-gradient":""},"tablet":{"background-color":"","background-image":"","background-repeat":"repeat","background-position":"center center","background-size":"auto","background-attachment":"scroll","background-type":"","background-media":"","overlay-type":"","overlay-color":"","overlay-opacity":"","overlay-gradient":""},"mobile":{"background-color":"","background-image":"","background-repeat":"repeat","background-position":"center center","background-size":"auto","background-attachment":"scroll","background-type":"","background-media":"","overlay-type":"","overlay-color":"","overlay-opacity":"","overlay-gradient":""}},"ast-content-background-meta":{"desktop":{"background-color":"var(--ast-global-color-5)","background-image":"","background-repeat":"repeat","background-position":"center center","background-size":"auto","background-attachment":"scroll","background-type":"","background-media":"","overlay-type":"","overlay-color":"","overlay-opacity":"","overlay-gradient":""},"tablet":{"background-color":"var(--ast-global-color-5)","background-image":"","background-repeat":"repeat","background-position":"center center","background-size":"auto","background-attachment":"scroll","background-type":"","background-media":"","overlay-type":"","overlay-color":"","overlay-opacity":"","overlay-gradient":""},"mobile":{"background-color":"var(--ast-global-color-5)","background-image":"","background-repeat":"repeat","background-position":"center center","background-size":"auto","background-attachment":"scroll","background-type":"","background-media":"","overlay-type":"","overlay-color":"","overlay-opacity":"","overlay-gradient":""}},"footnotes":""},"class_list":["post-1872","page","type-page","status-publish","hentry"],"yoast_head":"<!-- This site is optimized with the Yoast SEO plugin v28.3 - https:\/\/yoast.com\/product\/yoast-seo-wordpress\/ -->\n<title>Blog - Eminser<\/title>\n<meta name=\"robots\" content=\"index, follow, max-snippet:-1, max-image-preview:large, max-video-preview:-1\" \/>\n<link rel=\"canonical\" href=\"https:\/\/www.eminser.com.co\/web\/blog\/\" \/>\n<meta property=\"og:locale\" content=\"es_ES\" \/>\n<meta property=\"og:type\" content=\"article\" \/>\n<meta property=\"og:title\" content=\"Blog - Eminser\" \/>\n<meta property=\"og:description\" content=\"Noticias y Novedades BLOG Explora las \u00faltimas noticias y novedades de nuestra empresa. Mantente informado sobre nuestros avances, eventos y logros. \u00a1Bienvenidos! Aseo, Limpieza de Edificios y Oficinas Eminser: Eficiencia Laboral 20 abril, 2024 \u00a1Bienvenido al mundo de la excelencia empresarial, donde cada detalle cuenta! En Leer M\u00e1s Limpieza en Oficinas: Profundidad y Desinfecci\u00f3n Total 12 enero, 2024 Eminser: M\u00e1s de 26 A\u00f1os Comprometidos con la Excelencia en Aseo y Mantenimiento. Leer M\u00e1s Emotivo Homenaje a Dos Colaboradoras Ejemplares 4 diciembre, 2023 El 1 de diciembre, el auditorio del colegio Camilo Torres fue el escenario de un Leer M\u00e1s Eminser SAS: Elevando el Est\u00e1ndar en Aseo Empresarial 7 noviembre, 2023 Eminser SAS: Excelencia en Limpieza y Desinfecci\u00f3n para su Espacio de Trabajo En Leer M\u00e1s \u00c9xito y Conexiones: Eminser en el Networking de CONTAR 30 octubre, 2023 El pasado 23 de octubre, EMINSER S.A.S particip\u00f3 en el evento de networking Leer M\u00e1s Horario de Atenci\u00f3n Oficinas Eminser 8 agosto, 2023 Comunicado Importante: Cambio de Horario en las Oficinas de Eminser en Bogot\u00e1 Leer M\u00e1s Voces Silenciosas, Historias Poderosas 15 julio, 2023 Voces Silenciosas, Historias Poderosas \u00a1Descubre las incre\u00edbles historias de Leer M\u00e1s Homenaje a Madres Cabeza de Familia 1 julio, 2023 Eminser: Empoderando a Madres Cabeza de Familia Este mes, en Eminser, hemos Leer M\u00e1s Eminser: Una oportunidad laboral para mujeres cabeza de familia 15 mayo, 2023 En Eminser, creemos firmemente en el potencial ilimitado de todas las personas y Leer M\u00e1s Mensaje Gerencial 2023 24 enero, 2023 Leer M\u00e1s \u00bfQu\u00e9 le pides al nuevo a\u00f1o? 31 diciembre, 2022 Gracias por estar con nosotros a lo largo de este A\u00f1o que termina y esperamos Leer M\u00e1s Video Navide\u00f1o EMINSER 24 diciembre, 2022 Para nuestros colaboradores que son el coraz\u00f3n de esta empresa, EMINSER les Leer M\u00e1s Seguridad y Salud en el Trabajo 22 noviembre, 2022 Colombia produce aproximadamente 12 millones de toneladas de basura al a\u00f1o las Leer M\u00e1s Prestaci\u00f3n del Servicio 22 noviembre, 2022 En el m\u00e1s reciente estudio de la Universidad de Arizona, en el que se midieron Leer M\u00e1s Aniversario 25 a\u00f1os 22 noviembre, 2022 EMINSER S.A.S, empresa que se cre\u00f3 en 1997, inicialmente con 1 operaria de Leer M\u00e1s\" \/>\n<meta property=\"og:url\" content=\"https:\/\/www.eminser.com.co\/web\/blog\/\" \/>\n<meta property=\"og:site_name\" content=\"Eminser\" \/>\n<meta property=\"article:publisher\" content=\"https:\/\/www.facebook.com\/eminser.sas1\" \/>\n<meta property=\"article:modified_time\" content=\"2025-10-02T18:27:53+00:00\" \/>\n<meta property=\"og:image\" content=\"https:\/\/www.eminser.com.co\/web\/wp-content\/uploads\/2024\/04\/Aseo-2-19-768x768.png\" \/>\n<meta name=\"twitter:card\" content=\"summary_large_image\" \/>\n<meta name=\"twitter:label1\" content=\"Tiempo de lectura\" \/>\n\t<meta name=\"twitter:data1\" content=\"5 minutos\" \/>\n<script type=\"application\/ld+json\" class=\"yoast-schema-graph\">{\"@context\":\"https:\\\/\\\/schema.org\",\"@graph\":[{\"@type\":\"WebPage\",\"@id\":\"https:\\\/\\\/www.eminser.com.co\\\/web\\\/blog\\\/\",\"url\":\"https:\\\/\\\/www.eminser.com.co\\\/web\\\/blog\\\/\",\"name\":\"Blog - Eminser\",\"isPartOf\":{\"@id\":\"https:\\\/\\\/www.eminser.com.co\\\/web\\\/#website\"},\"primaryImageOfPage\":{\"@id\":\"https:\\\/\\\/www.eminser.com.co\\\/web\\\/blog\\\/#primaryimage\"},\"image\":{\"@id\":\"https:\\\/\\\/www.eminser.com.co\\\/web\\\/blog\\\/#primaryimage\"},\"thumbnailUrl\":\"https:\\\/\\\/www.eminser.com.co\\\/web\\\/wp-content\\\/uploads\\\/2024\\\/04\\\/Aseo-2-19-768x768.png\",\"datePublished\":\"2022-08-31T23:24:19+00:00\",\"dateModified\":\"2025-10-02T18:27:53+00:00\",\"breadcrumb\":{\"@id\":\"https:\\\/\\\/www.eminser.com.co\\\/web\\\/blog\\\/#breadcrumb\"},\"inLanguage\":\"es\",\"potentialAction\":[{\"@type\":\"ReadAction\",\"target\":[\"https:\\\/\\\/www.eminser.com.co\\\/web\\\/blog\\\/\"]}]},{\"@type\":\"ImageObject\",\"inLanguage\":\"es\",\"@id\":\"https:\\\/\\\/www.eminser.com.co\\\/web\\\/blog\\\/#primaryimage\",\"url\":\"https:\\\/\\\/www.eminser.com.co\\\/web\\\/wp-content\\\/uploads\\\/2024\\\/04\\\/Aseo-2-19.png\",\"contentUrl\":\"https:\\\/\\\/www.eminser.com.co\\\/web\\\/wp-content\\\/uploads\\\/2024\\\/04\\\/Aseo-2-19.png\",\"width\":1081,\"height\":1081},{\"@type\":\"BreadcrumbList\",\"@id\":\"https:\\\/\\\/www.eminser.com.co\\\/web\\\/blog\\\/#breadcrumb\",\"itemListElement\":[{\"@type\":\"ListItem\",\"position\":1,\"name\":\"Portada\",\"item\":\"https:\\\/\\\/www.eminser.com.co\\\/web\\\/\"},{\"@type\":\"ListItem\",\"position\":2,\"name\":\"Blog\"}]},{\"@type\":\"WebSite\",\"@id\":\"https:\\\/\\\/www.eminser.com.co\\\/web\\\/#website\",\"url\":\"https:\\\/\\\/www.eminser.com.co\\\/web\\\/\",\"name\":\"Eminser S.A.S\",\"description\":\"Empresa de servicios de aseo\",\"publisher\":{\"@id\":\"https:\\\/\\\/www.eminser.com.co\\\/web\\\/#organization\"},\"potentialAction\":[{\"@type\":\"SearchAction\",\"target\":{\"@type\":\"EntryPoint\",\"urlTemplate\":\"https:\\\/\\\/www.eminser.com.co\\\/web\\\/?s={search_term_string}\"},\"query-input\":{\"@type\":\"PropertyValueSpecification\",\"valueRequired\":true,\"valueName\":\"search_term_string\"}}],\"inLanguage\":\"es\"},{\"@type\":\"Organization\",\"@id\":\"https:\\\/\\\/www.eminser.com.co\\\/web\\\/#organization\",\"name\":\"Eminser S.A.S\",\"url\":\"https:\\\/\\\/www.eminser.com.co\\\/web\\\/\",\"logo\":{\"@type\":\"ImageObject\",\"inLanguage\":\"es\",\"@id\":\"https:\\\/\\\/www.eminser.com.co\\\/web\\\/#\\\/schema\\\/logo\\\/image\\\/\",\"url\":\"https:\\\/\\\/www.eminser.com.co\\\/web\\\/wp-content\\\/uploads\\\/2022\\\/08\\\/Recurso-2.png\",\"contentUrl\":\"https:\\\/\\\/www.eminser.com.co\\\/web\\\/wp-content\\\/uploads\\\/2022\\\/08\\\/Recurso-2.png\",\"width\":1788,\"height\":805,\"caption\":\"Eminser S.A.S\"},\"image\":{\"@id\":\"https:\\\/\\\/www.eminser.com.co\\\/web\\\/#\\\/schema\\\/logo\\\/image\\\/\"},\"sameAs\":[\"https:\\\/\\\/www.facebook.com\\\/eminser.sas1\",\"https:\\\/\\\/www.instagram.com\\\/eminser.sas\\\/\",\"https:\\\/\\\/www.linkedin.com\\\/company\\\/eminser\\\/\"]}]}<\/script>\n<!-- \/ Yoast SEO plugin. -->","yoast_head_json":{"title":"Blog - Eminser","robots":{"index":"index","follow":"follow","max-snippet":"max-snippet:-1","max-image-preview":"max-image-preview:large","max-video-preview":"max-video-preview:-1"},"canonical":"https:\/\/www.eminser.com.co\/web\/blog\/","og_locale":"es_ES","og_type":"article","og_title":"Blog - Eminser","og_description":"Noticias y Novedades BLOG Explora las \u00faltimas noticias y novedades de nuestra empresa. Mantente informado sobre nuestros avances, eventos y logros. \u00a1Bienvenidos! Aseo, Limpieza de Edificios y Oficinas Eminser: Eficiencia Laboral 20 abril, 2024 \u00a1Bienvenido al mundo de la excelencia empresarial, donde cada detalle cuenta! En Leer M\u00e1s Limpieza en Oficinas: Profundidad y Desinfecci\u00f3n Total 12 enero, 2024 Eminser: M\u00e1s de 26 A\u00f1os Comprometidos con la Excelencia en Aseo y Mantenimiento. Leer M\u00e1s Emotivo Homenaje a Dos Colaboradoras Ejemplares 4 diciembre, 2023 El 1 de diciembre, el auditorio del colegio Camilo Torres fue el escenario de un Leer M\u00e1s Eminser SAS: Elevando el Est\u00e1ndar en Aseo Empresarial 7 noviembre, 2023 Eminser SAS: Excelencia en Limpieza y Desinfecci\u00f3n para su Espacio de Trabajo En Leer M\u00e1s \u00c9xito y Conexiones: Eminser en el Networking de CONTAR 30 octubre, 2023 El pasado 23 de octubre, EMINSER S.A.S particip\u00f3 en el evento de networking Leer M\u00e1s Horario de Atenci\u00f3n Oficinas Eminser 8 agosto, 2023 Comunicado Importante: Cambio de Horario en las Oficinas de Eminser en Bogot\u00e1 Leer M\u00e1s Voces Silenciosas, Historias Poderosas 15 julio, 2023 Voces Silenciosas, Historias Poderosas \u00a1Descubre las incre\u00edbles historias de Leer M\u00e1s Homenaje a Madres Cabeza de Familia 1 julio, 2023 Eminser: Empoderando a Madres Cabeza de Familia Este mes, en Eminser, hemos Leer M\u00e1s Eminser: Una oportunidad laboral para mujeres cabeza de familia 15 mayo, 2023 En Eminser, creemos firmemente en el potencial ilimitado de todas las personas y Leer M\u00e1s Mensaje Gerencial 2023 24 enero, 2023 Leer M\u00e1s \u00bfQu\u00e9 le pides al nuevo a\u00f1o? 31 diciembre, 2022 Gracias por estar con nosotros a lo largo de este A\u00f1o que termina y esperamos Leer M\u00e1s Video Navide\u00f1o EMINSER 24 diciembre, 2022 Para nuestros colaboradores que son el coraz\u00f3n de esta empresa, EMINSER les Leer M\u00e1s Seguridad y Salud en el Trabajo 22 noviembre, 2022 Colombia produce aproximadamente 12 millones de toneladas de basura al a\u00f1o las Leer M\u00e1s Prestaci\u00f3n del Servicio 22 noviembre, 2022 En el m\u00e1s reciente estudio de la Universidad de Arizona, en el que se midieron Leer M\u00e1s Aniversario 25 a\u00f1os 22 noviembre, 2022 EMINSER S.A.S, empresa que se cre\u00f3 en 1997, inicialmente con 1 operaria de Leer M\u00e1s","og_url":"https:\/\/www.eminser.com.co\/web\/blog\/","og_site_name":"Eminser","article_publisher":"https:\/\/www.facebook.com\/eminser.sas1","article_modified_time":"2025-10-02T18:27:53+00:00","og_image":[{"url":"https:\/\/www.eminser.com.co\/web\/wp-content\/uploads\/2024\/04\/Aseo-2-19-768x768.png","type":"","width":"","height":""}],"twitter_card":"summary_large_image","twitter_misc":{"Tiempo de lectura":"5 minutos"},"schema":{"@context":"https:\/\/schema.org","@graph":[{"@type":"WebPage","@id":"https:\/\/www.eminser.com.co\/web\/blog\/","url":"https:\/\/www.eminser.com.co\/web\/blog\/","name":"Blog - Eminser","isPartOf":{"@id":"https:\/\/www.eminser.com.co\/web\/#website"},"primaryImageOfPage":{"@id":"https:\/\/www.eminser.com.co\/web\/blog\/#primaryimage"},"image":{"@id":"https:\/\/www.eminser.com.co\/web\/blog\/#primaryimage"},"thumbnailUrl":"https:\/\/www.eminser.com.co\/web\/wp-content\/uploads\/2024\/04\/Aseo-2-19-768x768.png","datePublished":"2022-08-31T23:24:19+00:00","dateModified":"2025-10-02T18:27:53+00:00","breadcrumb":{"@id":"https:\/\/www.eminser.com.co\/web\/blog\/#breadcrumb"},"inLanguage":"es","potentialAction":[{"@type":"ReadAction","target":["https:\/\/www.eminser.com.co\/web\/blog\/"]}]},{"@type":"ImageObject","inLanguage":"es","@id":"https:\/\/www.eminser.com.co\/web\/blog\/#primaryimage","url":"https:\/\/www.eminser.com.co\/web\/wp-content\/uploads\/2024\/04\/Aseo-2-19.png","contentUrl":"https:\/\/www.eminser.com.co\/web\/wp-content\/uploads\/2024\/04\/Aseo-2-19.png","width":1081,"height":1081},{"@type":"BreadcrumbList","@id":"https:\/\/www.eminser.com.co\/web\/blog\/#breadcrumb","itemListElement":[{"@type":"ListItem","position":1,"name":"Portada","item":"https:\/\/www.eminser.com.co\/web\/"},{"@type":"ListItem","position":2,"name":"Blog"}]},{"@type":"WebSite","@id":"https:\/\/www.eminser.com.co\/web\/#website","url":"https:\/\/www.eminser.com.co\/web\/","name":"Eminser S.A.S","description":"Empresa de servicios de aseo","publisher":{"@id":"https:\/\/www.eminser.com.co\/web\/#organization"},"potentialAction":[{"@type":"SearchAction","target":{"@type":"EntryPoint","urlTemplate":"https:\/\/www.eminser.com.co\/web\/?s={search_term_string}"},"query-input":{"@type":"PropertyValueSpecification","valueRequired":true,"valueName":"search_term_string"}}],"inLanguage":"es"},{"@type":"Organization","@id":"https:\/\/www.eminser.com.co\/web\/#organization","name":"Eminser S.A.S","url":"https:\/\/www.eminser.com.co\/web\/","logo":{"@type":"ImageObject","inLanguage":"es","@id":"https:\/\/www.eminser.com.co\/web\/#\/schema\/logo\/image\/","url":"https:\/\/www.eminser.com.co\/web\/wp-content\/uploads\/2022\/08\/Recurso-2.png","contentUrl":"https:\/\/www.eminser.com.co\/web\/wp-content\/uploads\/2022\/08\/Recurso-2.png","width":1788,"height":805,"caption":"Eminser S.A.S"},"image":{"@id":"https:\/\/www.eminser.com.co\/web\/#\/schema\/logo\/image\/"},"sameAs":["https:\/\/www.facebook.com\/eminser.sas1","https:\/\/www.instagram.com\/eminser.sas\/","https:\/\/www.linkedin.com\/company\/eminser\/"]}]}},"amp_enabled":false,"rttpg_featured_image_url":null,"rttpg_author":{"display_name":"Julian Felipe","author_link":"https:\/\/www.eminser.com.co\/web\/author\/eminser\/"},"rttpg_comment":0,"rttpg_category":"","rttpg_excerpt":"Noticias y Novedades BLOG Explora las \u00faltimas noticias y novedades de nuestra empresa. Mantente informado sobre nuestros avances, eventos y logros. \u00a1Bienvenidos! Aseo, Limpieza de Edificios y Oficinas Eminser: Eficiencia Laboral 20 abril, 2024 \u00a1Bienvenido al mundo de la excelencia empresarial, donde cada detalle cuenta! En Leer M\u00e1s Limpieza en Oficinas: Profundidad y Desinfecci\u00f3n Total&hellip;","_links":{"self":[{"href":"https:\/\/www.eminser.com.co\/web\/wp-json\/wp\/v2\/pages\/1872","targetHints":{"allow":["GET"]}}],"collection":[{"href":"https:\/\/www.eminser.com.co\/web\/wp-json\/wp\/v2\/pages"}],"about":[{"href":"https:\/\/www.eminser.com.co\/web\/wp-json\/wp\/v2\/types\/page"}],"author":[{"embeddable":true,"href":"https:\/\/www.eminser.com.co\/web\/wp-json\/wp\/v2\/users\/1"}],"replies":[{"embeddable":true,"href":"https:\/\/www.eminser.com.co\/web\/wp-json\/wp\/v2\/comments?post=1872"}],"version-history":[{"count":15,"href":"https:\/\/www.eminser.com.co\/web\/wp-json\/wp\/v2\/pages\/1872\/revisions"}],"predecessor-version":[{"id":7534,"href":"https:\/\/www.eminser.com.co\/web\/wp-json\/wp\/v2\/pages\/1872\/revisions\/7534"}],"wp:attachment":[{"href":"https:\/\/www.eminser.com.co\/web\/wp-json\/wp\/v2\/media?parent=1872"}],"curies":[{"name":"wp","href":"https:\/\/api.w.org\/{rel}","templated":true}]}}